{"version":"1.0","provider_name":"Impresszi\u00f3im","provider_url":"https:\/\/impresszioim.cafeblog.hu","author_name":"Impresszionista","author_url":"https:\/\/impresszioim.cafeblog.hu\/author\/anonymus-2\/","title":"Arc-m\u00e1sk\u00e9pp","html":"<p>\u00c1tlag 20 percenk\u00e9nt j\u00e1rok pisilni. Nincs magas l\u00e1zam, \u00e1m h\u0151m emelked\u00e9se el\u00e9g ahhoz, hogy heny\u00e9ljek az \u00e1gyban nyakig betakar\u00f3zva, ujjaim szorgalmasan p\u00fcf\u00f6lik a billenty\u0171t, mik\u00f6zben k\u00f6r\u00fcl\u00f6ttem k\u00e1osz, \u00e9s bel\u00e9m has\u00edt, annyira viszont nem vagyok rosszul, hogy ne lenne er\u0151m \u00f6sszetakar\u00edtani\u2026Menn\u00e9k \u00e9s maradn\u00e9k is, harcot v\u00edvok magammal. A k\u00f6teless\u00e9g\u00e9rzet csat\u00e1ja ez bennem, amit sokszor t\u00e9vesen lelkiismerettel azonos\u00edtunk, de ez szerintem csup\u00e1n a bel\u00e9nk szocializ\u00e1lt megfelel\u00e9si k\u00e9nyszer egy szerepnek. Azonosul\u00e1si v\u00e1gy egy szereppel, melyet magunkra aggatunk, azt\u00e1n hozz\u00e1nk n\u0151, nem tudjuk levenni, s t\u00e9vesen azt hissz\u00fck, ezek mi vagyunk, mik\u00f6zben \u00e9rezz\u00fck, k\u00e9nyelmetlen.<\/p>\r\n<p>\u00a0S mikor elkezdj\u00fck leh\u00e1ntani magunkr\u00f3l a maszkokat, h\u00fazza a b\u0151r\u00fcnk, eldeform\u00e1l\u00f3dott alatta arcunk, mimik\u00e1nk elf\u00e1sult, id\u0151 kell, hogy \u00fajra m\u0171k\u00f6dtetni tudjuk, \u00e9s persze b\u00e1tors\u00e1g, hogy t\u00fck\u00f6rbe merj\u00fcnk n\u00e9zni azzal a tudattal, hogy okolhatunk m\u00e1st, a d\u00f6nt\u00e9s bizony a mi\u00e9nk volt, mikor magunk el\u00e9 vett\u00fck ezeket az \u00e1larcokat. \u00c9s az is f\u00e9lelmetes, hogy ha ezeket a m\u00e1sokkal egyiv\u00e1suv\u00e1 tev\u0151 szerepeket letessz\u00fck, bizony esetleg nem ill\u00fcnk majd bele eddigi j\u00f3l megszokott \u00e9let\u00fcnk egyes helyzeteibe, kil\u00f6khetnek minket a biztons\u00e1got jelent\u0151 csord\u00e1k, mert \u201em\u00e1sok\u201d vagyunk, s ezzel eml\u00e9keztetj\u00fck \u0151ket arra, hogy \u0151k is\u2026csak nekik nem volt erej\u00fck, b\u00e1tors\u00e1guk ez v\u00e1llalni\u2026<\/p>\r\n<p>Holott minden ember k\u00fcl\u00f6nc. Nem (csak) \u00e9n, Te is, meg \u0150 is\u2026\u00e9s \u00e9n is csak \u00e9pphogy elkezdem \u201ekimutatni a fogam feh\u00e9rj\u00e9t\u201d, mert tudom, a nem tetsz\u00e9st neh\u00e9z elviselni, f\u00e1j. F\u0151leg \u00edgy az elej\u00e9n.<\/p>\r\n<p>Hogy mi\u00e9rt sz\u00e1ntam r\u00e1 magam m\u00e9gis?! 7 \u00e9ves l\u00e1nyom, aki \u00e9rtelmes, j\u00f3 tanul\u00f3 az iskol\u00e1ban, \u00e9pp \u201emagatart\u00e1si probl\u00e9m\u00e1kkal\u201d k\u00fczd, \u0150 ugyanis nem \u00e9s nem adja meg mag\u00e1t a \u201d hogy csin\u00e1ljunk egy\u00e9nis\u00e9gekb\u0151l engedelmes robotokat\u201d rendszernek, \u00e1m l\u00e1tom, hogy lelk\u00e9t meg\u00e9rinti, hogy a szeretett tan\u00e1r b\u00e1csi szerint t\u00fal izg\u00e1ga, mert \u0150 nem akar rossz lenni, s \u00e9n igyekszem b\u00edztatni, ne adja meg mag\u00e1t, csak annyit engedjen, amennyi m\u00e9g neki is j\u00f3, \u00e9s ink\u00e1bb tanulja meg ebb\u0151l, hogy mindig lesz, ahol nem fog tudni megfelelni,b\u00e1rhogy is pr\u00f3b\u00e1lkozik. S ahogy ide jutottam gondolatban, h\u00e1t nem beugrott, hogy \u201eaki nem tudja, tan\u00edtja\u201d, \u00e9s hogy a gyereket nem nevelni kell, hanem p\u00e9ld\u00e1t mutatni neki?!<\/p>\r\n<p>Engem meg\u00edt\u00e9ltek. Ez\u00e9rt \u00e9n meg akartam felelni. Mindenkinek. \u00c9s senkinek sem siker\u00fclt, \u00e9s ez nagyon f\u00e1jt, mert rengeteg energi\u00e1m volt abban, hogy m\u00e1sok elk\u00e9pzel\u00e9s\u00e9hez igaz\u00edtsam magam, hogy j\u00f3 gyerek,\u201efeles\u00e9g\u201d,meny, anya, bar\u00e1tn\u0151, munkaer\u0151 legyek\u2026\u00e9s k\u00f6zben elvesztettem azt, hogy \u00e9n magam szerint minek szeretn\u00e9k \u201emegfelelni\u201d\u2026 \u00a0Alapvet\u0151en j\u00f3indulattal k\u00f6zeledem az emberekhez, an\u00e9lk\u00fcl, hogy azt hittem volna, t\u00f6k\u00e9letesek, \u00e9s sokszor \u00e9pp l\u00e1tom is, hogy nem azok. De ez valahogy nem zavar, hiszen nem gondoltam sosem, hogy olyannak k\u00e9ne m\u00e1snak is lennie, mint nekem\u2026de azt a mai napig fel nem foghatom, hogy m\u00e1sok vajon mi\u00e9rt hisznek ebben annyira?! Mi\u00e9rt ragaszkodnak t\u00f6megek ahhoz, hogy mindenki fekete vagy \u00e9pp feh\u00e9r, \u00e9s ha valaki sziv\u00e1rv\u00e1nysz\u00edn\u0171, az kivetend\u0151?! \u2026Mert hogy kil\u00f3g a t\u00f6megb\u0151l, az biztos. Irigys\u00e9g\u2026b\u00e1r \u00e9n ink\u00e1bb letagadott s\u00f3v\u00e1rg\u00e1snak nevezn\u00e9m. \u00c9n v\u00e1gyom r\u00e1, hogy meg tudjam tenni. Hogy az lehessek, aki vagyok. Ami nyilv\u00e1n csup\u00e1n menet k\u00f6zben der\u00fcl ki, hogy milyen, s ez\u00e1ltal nem kisz\u00e1m\u00edthat\u00f3 el\u0151re m\u00e9g nekem sem. \u00c1m ebben nem m\u00e1sok akad\u00e1lyoznak meg, a legnagyobb akad\u00e1ly \u00e9n magam vagyok. Az az \u00e9nem, aki elhitte, hogy a k\u00e1osz nem rendszer, hogy a r\u00f6vid haj nem lehet n\u0151ies,hogy j\u00f3 \u201efeles\u00e9g\u201d csak akkor lehetek, ha fejb\u0151l, \u00f6r\u00f6mmel, naponta f\u0151z\u00f6k, a \u201eh\u00e1ziasszonyi\u201d teend\u0151ket rendszeresen, sz\u00f3 n\u00e9lk\u00fcl v\u00e9gzem, \u00fagy, ahogy \u201em\u00e1sok\u201d, \u00a0hogy nekem nem j\u00e1r a meg\u00e9rt\u00e9s, megbocs\u00e1jt\u00e1s, elfogad\u00e1s \u00e9s szeretet (\u00f6nmagamt\u00f3l sem), \u00a0hogy meg\u00e9rz\u00e9seim \u201eh\u00fclyes\u00e9gek\u201d , hogy az emberekr\u0151l alkotott v\u00e9lem\u00e9nyem kritika, hogy besz\u00e9lhetn\u00e9kem \u00e9s \u00edrhatn\u00e9kom \u201et\u00fal sok, \u00e9s \u00e9rthetetlen\u201d,hogy \u00e9rzelmeim meg\u00e9l\u00e9se gyenges\u00e9get mutat, hogy \u0151szintes\u00e9gem csup\u00e1n a baj forr\u00e1sa \u00e9s bizalmam az emberekben csak naivs\u00e1g.<\/p>\r\n<p>Mindenkinek megvannak a maga \u00f6nkorl\u00e1toz\u00f3 hiedelmei. Ezek cenz\u00fara \u00e9s a teljess\u00e9g ig\u00e9nye n\u00e9lk\u00fcl az eny\u00e9mek. S eszembe jut a tesztekben fellelhet\u0151 k\u00e9rd\u00e9s: \u201eki mondta, mikor mondta?!\u201d vajon, s m\u00e9rt hittem el?! Az\u00e9rt, mert bennem is ott volt a magja, s a k\u00fcls\u0151 hat\u00e1sra kicsir\u00e1zott, \u00e9letet adtam neki, s bizony, gyilkoss\u00e1g, ha \u00e9n ezt most mind ki akarom irtani magamb\u00f3l. \u201eVaj\u00fadik a s\u00edr\u00e1s\u00f3 feles\u00e9ge\u201d (We\u00f6res S.). Van, amit temetni kell, hogy \u00faj \u00e9let sz\u00fclethessen. Temetni abba a f\u00f6ldbe, ahonnan kicsir\u00e1zott, tisztelettel, b\u00facs\u00faztatva, egyenk\u00e9nt.<\/p>\r\n<p>M\u00e9g l\u00e1zadozom. Most \u00e9pp sz\u00f3 szerint. Harcol a szervezetem, s \u00e9n csup\u00e1n teret biztos\u00edtok lefolytat\u00e1s\u00e1hoz, mintha k\u00fcls\u0151 szeml\u00e9l\u0151je lenn\u00e9k, gyakori vizel\u00e9si ingerem jelzi csak t\u00e1n, hogy engedni kell\u2026hadd menjen.<\/p>\r\n<p>S ha m\u00e1r \u00fagy is fel\u00e1lltam, kicsit rendet tehetek. M\u00e1r nem k\u00e9nyszerb\u0151l. Hanem mert \u00edgy d\u00f6nt\u00f6ttem.<\/p>","type":"rich"}